{"id":6871,"date":"2024-03-01T09:04:56","date_gmt":"2024-03-01T09:04:56","guid":{"rendered":"https:\/\/hostalsanansa.com\/aviso-legal\/"},"modified":"2024-08-01T18:50:50","modified_gmt":"2024-08-01T18:50:50","slug":"aviso-legal","status":"publish","type":"page","link":"https:\/\/hostalsanansa.com\/es\/aviso-legal\/","title":{"rendered":"Aviso Legal"},"content":{"rendered":"\n<h5 class=\"wp-block-heading\" style=\"font-style:normal;font-weight:400\"><strong>Responsable del tratamiento de las datos:<\/strong> Babe Friend Consulting SL<\/h5>\n\n<h5 class=\"wp-block-heading\" style=\"font-style:normal;font-weight:400\"><strong>Finalidad del tratamiento:<\/strong> Gesti\u00f3n comercial y administrativa de los servicios, reservas o de la informaci\u00f3n solicitada.<\/h5>\n\n<h5 class=\"wp-block-heading\" style=\"font-style:normal;font-weight:400\"><strong>Legitimaci\u00f3n del tratamiento:<\/strong> Consentimiento del interesado para facilitar las datos. Relaci\u00f3n contractual Hotel-Cliente.<\/h5>\n\n<h5 class=\"wp-block-heading\" style=\"font-style:normal;font-weight:400\"><strong>Destinatarios:<\/strong> Las datos que nos facilite ser\u00e1n incorporados a nuestra base de datos y no ser\u00e1n cedidos a terceros.<\/h5>\n\n<h5 class=\"wp-block-heading\" style=\"font-style:normal;font-weight:400\"><strong>Derechos:<\/strong> Acceder, rectificar y suprimir sus datos, as\u00ed como los dem\u00e1s derechos previstos por la normativa vigente.<\/h5>\n\n<h5 class=\"wp-block-heading\" style=\"font-style:normal;font-weight:400\">Puede ejercer sus derechos en el siguiente enlace: <strong>Ejerce tus Derechos<\/strong><\/h5>\n\n<h5 class=\"wp-block-heading\" style=\"font-style:normal;font-weight:400\">Si desea m\u00e1s informaci\u00f3n, consulte nuestra <strong>Pol\u00edtica de Privacidad<\/strong> y nuestra <strong>Pol\u00edtica de Cookies<\/strong><\/h5>\n\n<h5 class=\"wp-block-heading\" style=\"font-style:normal;font-weight:400\">Reclamaciones ante la Autoridad de protecci\u00f3n de datos: puede dirigir las reclamaciones derivadas del tratamiento de sus datos de car\u00e1cter personal en la Agencia Espa\u00f1ola de Protecci\u00f3n de Datos ( <a href=\"http:\/\/www.agpd.es\/\">www.agpd.es<\/a> ).<\/h5>\n\n<h4 class=\"wp-block-heading\" style=\"font-style:normal;font-weight:400\"><strong>Derecho de Supresi\u00f3n de las datos<\/strong> :<\/h4>\n\n<h5 class=\"wp-block-heading\" style=\"font-style:normal;font-weight:400\">El interesado tendr\u00e1 derecho a que el Responsable suprima sus datos, cuando:<\/h5>\n\n<ul class=\"wp-block-list\">\n<li class=\"has-small-font-size\">El tratamiento sea il\u00edcito.<\/li>\n\n\n\n<li class=\"has-small-font-size\">El interesado haya retirado su consentimiento.<\/li>\n\n\n\n<li class=\"has-small-font-size\">Ya no sean necesarios en relaci\u00f3n con los fines para los que fueron recogidos o tratados.<\/li>\n\n\n\n<li class=\"has-small-font-size\">El interesado haya ejercido el derecho de oposici\u00f3n y no prevalezcan otros motivos leg\u00edtimos para el tratamiento.<\/li>\n\n\n\n<li class=\"has-small-font-size\">Las datos deban suprimirse por cumplir una obligaci\u00f3n jur\u00eddica del Responsable<\/li>\n<\/ul>\n\n<h5 class=\"wp-block-heading\" style=\"font-style:normal;font-weight:400\">El interesado no tendr\u00e1 derecho a que el Responsable suprima sus datos cuando el tratamiento sea necesario:<\/h5>\n\n<ul class=\"wp-block-list\">\n<li class=\"has-small-font-size\">Para ejercer el derecho a la libertad de expresi\u00f3n e informaci\u00f3n.<\/li>\n\n\n\n<li class=\"has-small-font-size\">Para cumplir con una obligaci\u00f3n jur\u00eddica del Responsable.<\/li>\n\n\n\n<li class=\"has-small-font-size\">Para la formulaci\u00f3n, ejercicio o defensa de reclamaciones.<\/li>\n\n\n\n<li class=\"has-small-font-size\">Por inter\u00e9s p\u00fablico fundamentado en la legislaci\u00f3n vigente por razones de salud p\u00fablica o para fines de investigaci\u00f3n hist\u00f3rica, estad\u00edstica o cient\u00edfica.<\/li>\n<\/ul>\n\n<h4 class=\"wp-block-heading\" style=\"font-style:normal;font-weight:400\"><strong>Derecho de Portabilidad de las datos<\/strong> :<\/h4>\n\n<h5 class=\"wp-block-heading\" style=\"font-style:normal;font-weight:400\">Tiene derecho a que el Responsable transmita sus datos a otro Responsable del tratamiento o al propio interesado, mediante un formato estructurado de uso habitual y lectura mec\u00e1nica, cuando el tratamiento se efect\u00fae por medios automatizados y se base en:<\/h5>\n\n<ul class=\"has-small-font-size wp-block-list\">\n<li>El consentimiento del interesado para fines espec\u00edficos.<\/li>\n\n\n\n<li>La ejecuci\u00f3n de un contrato o precontrato con el interesado.<\/li>\n\n\n\n<li>El derecho a la portabilidad de datos no se aplicar\u00e1 cuando:\n<ul class=\"wp-block-list\">\n<li>Sea t\u00e9cnicamente imposible la transmisi\u00f3n.<\/li>\n\n\n\n<li>Puedan afectar negativamente a los derechos y libertades de terceros.<\/li>\n\n\n\n<li>El tratamiento tenga una misi\u00f3n de inter\u00e9s p\u00fablico fundamentado en la legislaci\u00f3n vigente.<\/li>\n<\/ul>\n<\/li>\n<\/ul>\n\n<h4 class=\"wp-block-heading\"><strong>Derecho de Limitaci\u00f3n del tratamiento<\/strong> :<\/h4>\n\n<h5 class=\"wp-block-heading\" style=\"font-style:normal;font-weight:400\">El interesado tendr\u00e1 derecho a oponerse al tratamiento de sus datos realizado por el Responsable por motivos relacionados con su situaci\u00f3n particular, cuando el tratamiento se base en:<\/h5>\n\n<ul class=\"wp-block-list\">\n<li class=\"has-small-font-size\">Marketing directo.<\/li>\n\n\n\n<li class=\"has-small-font-size\">Elaboraci\u00f3n de perfiles.<\/li>\n\n\n\n<li class=\"has-small-font-size\">Inter\u00e9s leg\u00edtimo del Responsable o terceros, siempre que no prevalezcan los intereses o derechos y libertades del interesado, especialmente si es un ni\u00f1o.<\/li>\n\n\n\n<li class=\"has-small-font-size\">Investigaci\u00f3n hist\u00f3rica, estad\u00edstica o cient\u00edfica, salvo que el tratamiento sea necesario por motivos de inter\u00e9s p\u00fablico.<\/li>\n<\/ul>\n\n<h5 class=\"wp-block-heading\" style=\"font-style:normal;font-weight:400\">Aunque el interesado se oponga al tratamiento de sus datos, el Responsable podr\u00e1 seguir trat\u00e1ndolos siempre que el inter\u00e9s leg\u00edtimo del Responsable Imperio sobre los intereses o derechos y libertades del interesado en un procedimiento judicial que lo justifique.<\/h5>\n\n<h5 class=\"wp-block-heading\" style=\"font-style:normal;font-weight:400\">El Responsable deber\u00e1 informar al interesado del derecho a oponerse al tratamiento de sus datos de forma expl\u00edcita, clara y separada de cualquier otra informaci\u00f3n, en el momento de la primera comunicaci\u00f3n.<\/h5>\n\n<h4 class=\"wp-block-heading\"><strong>Derecho de oposici\u00f3n<\/strong> :<\/h4>\n\n<h5 class=\"wp-block-heading\" style=\"font-style:normal;font-weight:400\">Es el derecho a que no se lleve a cabo el tratamiento de \u00e9stos o se cese en el mismo cuando no sea necesario su consentimiento para el tratamiento, por la concurrencia de un motivo leg\u00edtimo y fundado, referido a su concreta situaci\u00f3n personal, que lo justifique , y siempre que una Ley no disponga lo contrario.<\/h5>\n\n<h4 class=\"wp-block-heading\"><strong>Derecho a no ser objeto de una elaboraci\u00f3n de perfiles<\/strong> :<\/h4>\n\n<h5 class=\"wp-block-heading\" style=\"font-style:normal;font-weight:400\">El interesado tendr\u00e1 derecho a no ser objeto de una elaboraci\u00f3n de perfiles cuya finalidad sea adoptar decisiones individuales basadas en un tratamiento automatizado de datos y destinadas a evaluar, analizar o predecir los siguientes aspectos personales:<\/h5>\n\n<ul class=\"has-small-font-size wp-block-list\">\n<li>Rendimiento profesional.<\/li>\n\n\n\n<li>Situaci\u00f3n econ\u00f3mica.<\/li>\n\n\n\n<li>Preferencias o intereses personales.<\/li>\n\n\n\n<li>Ubicaci\u00f3n o movimientos de la persona.<\/li>\n<\/ul>\n\n<h4 class=\"wp-block-heading\"><strong>Cuando la elaboraci\u00f3n de perfiles se base \u00fanicamente en un tratamiento automatizado:<\/strong><\/h4>\n\n<ul class=\"wp-block-list\">\n<li class=\"has-small-font-size\">El interesado tendr\u00e1 derecho a estar informado si la decisi\u00f3n que pueda ser tomada pueda producirle efectos jur\u00eddicos que le afecten significativamente.<\/li>\n\n\n\n<li class=\"has-small-font-size\">El interesado tendr\u00e1 derecho a obtener la intervenci\u00f3n humana por parte del Responsable, a expresar su punto de vista y al impugnar la decisi\u00f3n, si el tratamiento ha sido autorizado mediante:\n<ul class=\"wp-block-list\">\n<li>Un contrato entre el Responsable y el interesado.<\/li>\n\n\n\n<li>El consentimiento expl\u00edcito del interesado.<\/li>\n<\/ul>\n<\/li>\n<\/ul>\n\n<h5 class=\"wp-block-heading\" style=\"font-style:normal;font-weight:400\">No se aplicar\u00e1 el derecho a no ser objeto de una elaboraci\u00f3n de perfiles cuando la decisi\u00f3n que pueda ser tomada a consecuencia de la misma est\u00e9 autorizada mediante:<\/h5>\n\n<ul class=\"wp-block-list\">\n<li class=\"has-small-font-size\">El consentimiento expl\u00edcito del interesado.<\/li>\n\n\n\n<li class=\"has-small-font-size\">Un contrato entre el Responsable y el interesado.<\/li>\n\n\n\n<li class=\"has-small-font-size\">Un tratamiento fundamentado en la legislaci\u00f3n vigente.<\/li>\n<\/ul>\n","protected":false},"excerpt":{"rendered":"<p>Responsable del tratamiento de las datos: Babe Friend Consulting SL Finalidad del tratamiento: Gesti\u00f3n comercial y administrativa de los servicios, reservas o de la informaci\u00f3n solicitada. Legitimaci\u00f3n del tratamiento: Consentimiento del interesado para facilitar las datos. Relaci\u00f3n contractual Hotel-Cliente. Destinatarios: Las datos que nos facilite ser\u00e1n incorporados a nuestra base de datos y no ser\u00e1n [&hellip;]<\/p>\n","protected":false},"author":1,"featured_media":0,"parent":0,"menu_order":0,"comment_status":"closed","ping_status":"closed","template":"","meta":{"footnotes":""},"class_list":["post-6871","page","type-page","status-publish","hentry"],"aioseo_notices":[],"_links":{"self":[{"href":"https:\/\/hostalsanansa.com\/es\/wp-json\/wp\/v2\/pages\/6871","targetHints":{"allow":["GET"]}}],"collection":[{"href":"https:\/\/hostalsanansa.com\/es\/wp-json\/wp\/v2\/pages"}],"about":[{"href":"https:\/\/hostalsanansa.com\/es\/wp-json\/wp\/v2\/types\/page"}],"author":[{"embeddable":true,"href":"https:\/\/hostalsanansa.com\/es\/wp-json\/wp\/v2\/users\/1"}],"replies":[{"embeddable":true,"href":"https:\/\/hostalsanansa.com\/es\/wp-json\/wp\/v2\/comments?post=6871"}],"version-history":[{"count":3,"href":"https:\/\/hostalsanansa.com\/es\/wp-json\/wp\/v2\/pages\/6871\/revisions"}],"predecessor-version":[{"id":8173,"href":"https:\/\/hostalsanansa.com\/es\/wp-json\/wp\/v2\/pages\/6871\/revisions\/8173"}],"wp:attachment":[{"href":"https:\/\/hostalsanansa.com\/es\/wp-json\/wp\/v2\/media?parent=6871"}],"curies":[{"name":"wp","href":"https:\/\/api.w.org\/{rel}","templated":true}]}}